{"id":10007,"date":"2021-04-30T00:00:00","date_gmt":"2021-04-29T23:00:00","guid":{"rendered":"http:\/\/bm.baier-michels.local\/branchen\/erneuerbare-energien\/ladesaeulen\/"},"modified":"2024-10-16T08:43:09","modified_gmt":"2024-10-16T07:43:09","slug":"ladesaeulen","status":"publish","type":"page","link":"https:\/\/www.baier-michels.com\/de\/branchen\/erneuerbare-energien\/ladesaeulen\/","title":{"rendered":"Lades\u00e4ulen"},"content":{"rendered":"<p>Zum Aufladen von E-Fahrzeugen werden spezielle Ladestationen ben\u00f6tigt. Sie kommen somit sowohl im gewerblichen als auch im \u00f6ffentlichen und privaten Bereich zum Einsatz. F\u00fcr einen sicheren Ladevorgang bei jeder Witterung werden Verbindungselemente ben\u00f6tigt, die Kunststoffbauteile zuverl\u00e4ssig miteinander verbinden und verschiedene Installationsm\u00f6glichkeiten erm\u00f6glichen.  <\/p>\n<p>Sie suchen nach einer innovativen Verbindungsl\u00f6sung f\u00fcr Ihre Applikation? Wir haben das passende Verbindungselement f\u00fcr Sie.<\/p>\n","protected":false},"excerpt":{"rendered":"<p>Zum Aufladen von E-Fahrzeugen werden spezielle Ladestationen ben\u00f6tigt. Sie kommen somit sowohl im gewerblichen als auch im \u00f6ffentlichen und privaten Bereich zum Einsatz. F\u00fcr einen sicheren Ladevorgang bei jeder Witterung werden Verbindungselemente ben\u00f6tigt, die Kunststoffbauteile zuverl\u00e4ssig miteinander verbinden und verschiedene Installationsm\u00f6glichkeiten erm\u00f6glichen. Sie suchen nach einer innovativen Verbindungsl\u00f6sung f\u00fcr Ihre Applikation? Wir haben das passende [&hellip;]<\/p>\n","protected":false},"author":1,"featured_media":0,"parent":9771,"menu_order":3,"comment_status":"closed","ping_status":"closed","template":"template_page_e3.php","meta":{"_acf_changed":false,"footnotes":""},"categories":[121,119],"class_list":["post-10007","page","type-page","status-publish","hentry","category-direktverschraubung-in-kunststoffe","category-gewindeeinsaetze-und-bolzen"],"acf":[],"yoast_head":"<!-- This site is optimized with the Yoast SEO plugin v27.4 - https:\/\/yoast.com\/product\/yoast-seo-wordpress\/ -->\n<title>Lades\u00e4ulen - b&amp;m Homepage<\/title>\n<meta name=\"description\" content=\"Innovative Verbindungstechnik f\u00fcr Lades\u00e4ulen\" \/>\n<meta name=\"robots\" content=\"index, follow, max-snippet:-1, max-image-preview:large, max-video-preview:-1\" \/>\n<link rel=\"canonical\" href=\"https:\/\/www.baier-michels.com\/de\/branchen\/erneuerbare-energien\/ladesaeulen\/\" \/>\n<meta property=\"og:locale\" content=\"de_DE\" \/>\n<meta property=\"og:type\" content=\"article\" \/>\n<meta property=\"og:title\" content=\"Lades\u00e4ulen - b&amp;m Homepage\" \/>\n<meta property=\"og:description\" content=\"Innovative Verbindungstechnik f\u00fcr Lades\u00e4ulen\" \/>\n<meta property=\"og:url\" content=\"https:\/\/www.baier-michels.com\/de\/branchen\/erneuerbare-energien\/ladesaeulen\/\" \/>\n<meta property=\"og:site_name\" content=\"b&amp;m Homepage\" \/>\n<meta property=\"article:modified_time\" content=\"2024-10-16T07:43:09+00:00\" \/>\n<meta name=\"twitter:card\" content=\"summary_large_image\" \/>\n<script type=\"application\/ld+json\" class=\"yoast-schema-graph\">{\"@context\":\"https:\\\/\\\/schema.org\",\"@graph\":[{\"@type\":\"WebPage\",\"@id\":\"https:\\\/\\\/www.baier-michels.com\\\/de\\\/branchen\\\/erneuerbare-energien\\\/ladesaeulen\\\/\",\"url\":\"https:\\\/\\\/www.baier-michels.com\\\/de\\\/branchen\\\/erneuerbare-energien\\\/ladesaeulen\\\/\",\"name\":\"Lades\u00e4ulen - b&amp;m Homepage\",\"isPartOf\":{\"@id\":\"https:\\\/\\\/www.baier-michels.com\\\/de\\\/#website\"},\"datePublished\":\"2021-04-29T23:00:00+00:00\",\"dateModified\":\"2024-10-16T07:43:09+00:00\",\"description\":\"Innovative Verbindungstechnik f\u00fcr Lades\u00e4ulen\",\"breadcrumb\":{\"@id\":\"https:\\\/\\\/www.baier-michels.com\\\/de\\\/branchen\\\/erneuerbare-energien\\\/ladesaeulen\\\/#breadcrumb\"},\"inLanguage\":\"de\",\"potentialAction\":[{\"@type\":\"ReadAction\",\"target\":[\"https:\\\/\\\/www.baier-michels.com\\\/de\\\/branchen\\\/erneuerbare-energien\\\/ladesaeulen\\\/\"]}]},{\"@type\":\"BreadcrumbList\",\"@id\":\"https:\\\/\\\/www.baier-michels.com\\\/de\\\/branchen\\\/erneuerbare-energien\\\/ladesaeulen\\\/#breadcrumb\",\"itemListElement\":[{\"@type\":\"ListItem\",\"position\":1,\"name\":\"Startseite\",\"item\":\"https:\\\/\\\/www.baier-michels.com\\\/de\\\/\"},{\"@type\":\"ListItem\",\"position\":2,\"name\":\"Branchen\",\"item\":\"https:\\\/\\\/www.baier-michels.com\\\/de\\\/branchen\\\/\"},{\"@type\":\"ListItem\",\"position\":3,\"name\":\"Erneuerbare Energien\",\"item\":\"https:\\\/\\\/www.baier-michels.com\\\/de\\\/market-sectors\\\/renewable-energies\\\/\"},{\"@type\":\"ListItem\",\"position\":4,\"name\":\"Lades\u00e4ulen\"}]},{\"@type\":\"WebSite\",\"@id\":\"https:\\\/\\\/www.baier-michels.com\\\/de\\\/#website\",\"url\":\"https:\\\/\\\/www.baier-michels.com\\\/de\\\/\",\"name\":\"b&m\",\"description\":\"baier&amp;michels Gmbh &amp; Co KG\",\"publisher\":{\"@id\":\"https:\\\/\\\/www.baier-michels.com\\\/de\\\/#organization\"},\"potentialAction\":[{\"@type\":\"SearchAction\",\"target\":{\"@type\":\"EntryPoint\",\"urlTemplate\":\"https:\\\/\\\/www.baier-michels.com\\\/de\\\/?s={search_term_string}\"},\"query-input\":{\"@type\":\"PropertyValueSpecification\",\"valueRequired\":true,\"valueName\":\"search_term_string\"}}],\"inLanguage\":\"de\"},{\"@type\":\"Organization\",\"@id\":\"https:\\\/\\\/www.baier-michels.com\\\/de\\\/#organization\",\"name\":\"baier & michels GmbH & Co KG\",\"url\":\"https:\\\/\\\/www.baier-michels.com\\\/de\\\/\",\"logo\":{\"@type\":\"ImageObject\",\"inLanguage\":\"de\",\"@id\":\"https:\\\/\\\/www.baier-michels.com\\\/de\\\/#\\\/schema\\\/logo\\\/image\\\/\",\"url\":\"\",\"contentUrl\":\"\",\"caption\":\"baier & michels GmbH & Co KG\"},\"image\":{\"@id\":\"https:\\\/\\\/www.baier-michels.com\\\/de\\\/#\\\/schema\\\/logo\\\/image\\\/\"},\"sameAs\":[\"https:\\\/\\\/www.linkedin.com\\\/company\\\/baier-michels\\\/?viewAsMember=true\",\"https:\\\/\\\/www.youtube.com\\\/channel\\\/UCdBWm_HCAtCjxiFZWloFYGw?view_as=subscriber\"]}]}<\/script>\n<!-- \/ Yoast SEO plugin. -->","yoast_head_json":{"title":"Lades\u00e4ulen - b&amp;m Homepage","description":"Innovative Verbindungstechnik f\u00fcr Lades\u00e4ulen","robots":{"index":"index","follow":"follow","max-snippet":"max-snippet:-1","max-image-preview":"max-image-preview:large","max-video-preview":"max-video-preview:-1"},"canonical":"https:\/\/www.baier-michels.com\/de\/branchen\/erneuerbare-energien\/ladesaeulen\/","og_locale":"de_DE","og_type":"article","og_title":"Lades\u00e4ulen - b&amp;m Homepage","og_description":"Innovative Verbindungstechnik f\u00fcr Lades\u00e4ulen","og_url":"https:\/\/www.baier-michels.com\/de\/branchen\/erneuerbare-energien\/ladesaeulen\/","og_site_name":"b&amp;m Homepage","article_modified_time":"2024-10-16T07:43:09+00:00","twitter_card":"summary_large_image","schema":{"@context":"https:\/\/schema.org","@graph":[{"@type":"WebPage","@id":"https:\/\/www.baier-michels.com\/de\/branchen\/erneuerbare-energien\/ladesaeulen\/","url":"https:\/\/www.baier-michels.com\/de\/branchen\/erneuerbare-energien\/ladesaeulen\/","name":"Lades\u00e4ulen - b&amp;m Homepage","isPartOf":{"@id":"https:\/\/www.baier-michels.com\/de\/#website"},"datePublished":"2021-04-29T23:00:00+00:00","dateModified":"2024-10-16T07:43:09+00:00","description":"Innovative Verbindungstechnik f\u00fcr Lades\u00e4ulen","breadcrumb":{"@id":"https:\/\/www.baier-michels.com\/de\/branchen\/erneuerbare-energien\/ladesaeulen\/#breadcrumb"},"inLanguage":"de","potentialAction":[{"@type":"ReadAction","target":["https:\/\/www.baier-michels.com\/de\/branchen\/erneuerbare-energien\/ladesaeulen\/"]}]},{"@type":"BreadcrumbList","@id":"https:\/\/www.baier-michels.com\/de\/branchen\/erneuerbare-energien\/ladesaeulen\/#breadcrumb","itemListElement":[{"@type":"ListItem","position":1,"name":"Startseite","item":"https:\/\/www.baier-michels.com\/de\/"},{"@type":"ListItem","position":2,"name":"Branchen","item":"https:\/\/www.baier-michels.com\/de\/branchen\/"},{"@type":"ListItem","position":3,"name":"Erneuerbare Energien","item":"https:\/\/www.baier-michels.com\/de\/market-sectors\/renewable-energies\/"},{"@type":"ListItem","position":4,"name":"Lades\u00e4ulen"}]},{"@type":"WebSite","@id":"https:\/\/www.baier-michels.com\/de\/#website","url":"https:\/\/www.baier-michels.com\/de\/","name":"b&m","description":"baier&amp;michels Gmbh &amp; Co KG","publisher":{"@id":"https:\/\/www.baier-michels.com\/de\/#organization"},"potentialAction":[{"@type":"SearchAction","target":{"@type":"EntryPoint","urlTemplate":"https:\/\/www.baier-michels.com\/de\/?s={search_term_string}"},"query-input":{"@type":"PropertyValueSpecification","valueRequired":true,"valueName":"search_term_string"}}],"inLanguage":"de"},{"@type":"Organization","@id":"https:\/\/www.baier-michels.com\/de\/#organization","name":"baier & michels GmbH & Co KG","url":"https:\/\/www.baier-michels.com\/de\/","logo":{"@type":"ImageObject","inLanguage":"de","@id":"https:\/\/www.baier-michels.com\/de\/#\/schema\/logo\/image\/","url":"","contentUrl":"","caption":"baier & michels GmbH & Co KG"},"image":{"@id":"https:\/\/www.baier-michels.com\/de\/#\/schema\/logo\/image\/"},"sameAs":["https:\/\/www.linkedin.com\/company\/baier-michels\/?viewAsMember=true","https:\/\/www.youtube.com\/channel\/UCdBWm_HCAtCjxiFZWloFYGw?view_as=subscriber"]}]}},"_links":{"self":[{"href":"https:\/\/www.baier-michels.com\/de\/wp-json\/wp\/v2\/pages\/10007","targetHints":{"allow":["GET"]}}],"collection":[{"href":"https:\/\/www.baier-michels.com\/de\/wp-json\/wp\/v2\/pages"}],"about":[{"href":"https:\/\/www.baier-michels.com\/de\/wp-json\/wp\/v2\/types\/page"}],"author":[{"embeddable":true,"href":"https:\/\/www.baier-michels.com\/de\/wp-json\/wp\/v2\/users\/1"}],"replies":[{"embeddable":true,"href":"https:\/\/www.baier-michels.com\/de\/wp-json\/wp\/v2\/comments?post=10007"}],"version-history":[{"count":0,"href":"https:\/\/www.baier-michels.com\/de\/wp-json\/wp\/v2\/pages\/10007\/revisions"}],"up":[{"embeddable":true,"href":"https:\/\/www.baier-michels.com\/de\/wp-json\/wp\/v2\/pages\/9771"}],"wp:attachment":[{"href":"https:\/\/www.baier-michels.com\/de\/wp-json\/wp\/v2\/media?parent=10007"}],"wp:term":[{"taxonomy":"category","embeddable":true,"href":"https:\/\/www.baier-michels.com\/de\/wp-json\/wp\/v2\/categories?post=10007"}],"curies":[{"name":"wp","href":"https:\/\/api.w.org\/{rel}","templated":true}]}}